{"id":1506,"date":"2022-08-04T20:13:00","date_gmt":"2022-08-04T18:13:00","guid":{"rendered":"https:\/\/ffk.demo.jonasled.de\/?post_type=einsatz&#038;p=1506"},"modified":"2022-08-31T14:01:13","modified_gmt":"2022-08-31T12:01:13","slug":"flaechenbrand-gross","status":"publish","type":"einsatz","link":"https:\/\/ffk.demo.jonasled.de\/index.php\/einsatzberichte\/flaechenbrand-gross\/","title":{"rendered":"Fl\u00e4chenbrand Gro\u00df"},"content":{"rendered":"\n<p>Es brannten wenige Quadratmeter Gestr\u00fcpp, welches vor unserem Eintreffen durch Passanten mit mehreren Feuerl\u00f6scher gel\u00f6scht wurde. Durch deren beherztes eingreifen wurde so ein gr\u00f6\u00dferer Brand verhindert. Die Feuerwehr f\u00fchrte umfangreiche Nachl\u00f6scharbeiten durch und bew\u00e4sserte die Umgebung.<\/p>\n","protected":false},"author":1,"featured_media":0,"template":"","meta":{"einsatz_weight":1,"footnotes":""},"categories":[],"einsatzart":[],"fahrzeug":[53,56,54,50],"exteinsatzmittel":[],"alarmierungsart":[],"evw_unit":[],"class_list":["post-1506","einsatz","type-einsatz","status-publish","hentry","fahrzeug-elw","fahrzeug-gw-l-2","fahrzeug-lf-16-12","fahrzeug-lf20"],"_links":{"self":[{"href":"https:\/\/ffk.demo.jonasled.de\/index.php\/wp-json\/wp\/v2\/einsatz\/1506","targetHints":{"allow":["GET"]}}],"collection":[{"href":"https:\/\/ffk.demo.jonasled.de\/index.php\/wp-json\/wp\/v2\/einsatz"}],"about":[{"href":"https:\/\/ffk.demo.jonasled.de\/index.php\/wp-json\/wp\/v2\/types\/einsatz"}],"author":[{"embeddable":true,"href":"https:\/\/ffk.demo.jonasled.de\/index.php\/wp-json\/wp\/v2\/users\/1"}],"version-history":[{"count":1,"href":"https:\/\/ffk.demo.jonasled.de\/index.php\/wp-json\/wp\/v2\/einsatz\/1506\/revisions"}],"predecessor-version":[{"id":1507,"href":"https:\/\/ffk.demo.jonasled.de\/index.php\/wp-json\/wp\/v2\/einsatz\/1506\/revisions\/1507"}],"wp:attachment":[{"href":"https:\/\/ffk.demo.jonasled.de\/index.php\/wp-json\/wp\/v2\/media?parent=1506"}],"wp:term":[{"taxonomy":"category","embeddable":true,"href":"https:\/\/ffk.demo.jonasled.de\/index.php\/wp-json\/wp\/v2\/categories?post=1506"},{"taxonomy":"einsatzart","embeddable":true,"href":"https:\/\/ffk.demo.jonasled.de\/index.php\/wp-json\/wp\/v2\/einsatzart?post=1506"},{"taxonomy":"fahrzeug","embeddable":true,"href":"https:\/\/ffk.demo.jonasled.de\/index.php\/wp-json\/wp\/v2\/fahrzeug?post=1506"},{"taxonomy":"exteinsatzmittel","embeddable":true,"href":"https:\/\/ffk.demo.jonasled.de\/index.php\/wp-json\/wp\/v2\/exteinsatzmittel?post=1506"},{"taxonomy":"alarmierungsart","embeddable":true,"href":"https:\/\/ffk.demo.jonasled.de\/index.php\/wp-json\/wp\/v2\/alarmierungsart?post=1506"},{"taxonomy":"evw_unit","embeddable":true,"href":"https:\/\/ffk.demo.jonasled.de\/index.php\/wp-json\/wp\/v2\/evw_unit?post=1506"}],"curies":[{"name":"wp","href":"https:\/\/api.w.org\/{rel}","templated":true}]}}